{"version":"1.0","provider_name":"ShiaWaves Turkish - \u015eia Haberleri","provider_url":"https:\/\/shiawaves.com\/turkish","title":"Senegal\u2019deki \u0130klim M\u00fcltecilerinin Durumu Kriz Noktas\u0131nda - ShiaWaves Turkish - \u015eia Haberleri","type":"rich","width":600,"height":338,"html":"<blockquote class=\"wp-embedded-content\" data-secret=\"T1xMPRN6Hf\"><a href=\"https:\/\/shiawaves.com\/turkish\/2025\/08\/22\/senegaldeki-iklim-multecilerinin-durumu-kriz-noktasinda\/\">Senegal\u2019deki \u0130klim M\u00fcltecilerinin Durumu Kriz Noktas\u0131nda<\/a><\/blockquote><iframe sandbox=\"allow-scripts\" security=\"restricted\" src=\"https:\/\/shiawaves.com\/turkish\/2025\/08\/22\/senegaldeki-iklim-multecilerinin-durumu-kriz-noktasinda\/embed\/#?secret=T1xMPRN6Hf\" width=\"600\" height=\"338\" title=\"&#8220;Senegal\u2019deki \u0130klim M\u00fcltecilerinin Durumu Kriz Noktas\u0131nda&#8221; &#8212; ShiaWaves Turkish - \u015eia Haberleri\" data-secret=\"T1xMPRN6Hf\" frameborder=\"0\" marginwidth=\"0\" marginheight=\"0\" scrolling=\"no\" class=\"wp-embedded-content\"><\/iframe><script type=\"text\/javascript\">\n\/* <![CDATA[ *\/\n\/*! This file is auto-generated *\/\n!function(d,l){\"use strict\";l.querySelector&&d.addEventListener&&\"undefined\"!=typeof URL&&(d.wp=d.wp||{},d.wp.receiveEmbedMessage||(d.wp.receiveEmbedMessage=function(e){var t=e.data;if((t||t.secret||t.message||t.value)&&!\/[^a-zA-Z0-9]\/.test(t.secret)){for(var s,r,n,a=l.querySelectorAll('iframe[data-secret=\"'+t.secret+'\"]'),o=l.querySelectorAll('blockquote[data-secret=\"'+t.secret+'\"]'),c=new RegExp(\"^https?:$\",\"i\"),i=0;i<o.length;i++)o[i].style.display=\"none\";for(i=0;i<a.length;i++)s=a[i],e.source===s.contentWindow&&(s.removeAttribute(\"style\"),\"height\"===t.message?(1e3<(r=parseInt(t.value,10))?r=1e3:~~r<200&&(r=200),s.height=r):\"link\"===t.message&&(r=new URL(s.getAttribute(\"src\")),n=new URL(t.value),c.test(n.protocol))&&n.host===r.host&&l.activeElement===s&&(d.top.location.href=t.value))}},d.addEventListener(\"message\",d.wp.receiveEmbedMessage,!1),l.addEventListener(\"DOMContentLoaded\",function(){for(var e,t,s=l.querySelectorAll(\"iframe.wp-embedded-content\"),r=0;r<s.length;r++)(t=(e=s[r]).getAttribute(\"data-secret\"))||(t=Math.random().toString(36).substring(2,12),e.src+=\"#?secret=\"+t,e.setAttribute(\"data-secret\",t)),e.contentWindow.postMessage({message:\"ready\",secret:t},\"*\")},!1)))}(window,document);\n\/\/# sourceURL=https:\/\/shiawaves.com\/turkish\/wp-includes\/js\/wp-embed.min.js\n\/* ]]> *\/\n<\/script>\n","thumbnail_url":"https:\/\/shiawaves.com\/turkish\/wp-content\/uploads\/sites\/6\/2025\/08\/file_880.jpg","thumbnail_width":600,"thumbnail_height":300,"description":"Senegal\u2019deki \u0130klim M\u00fcltecilerinin Durumu Kriz Noktas\u0131nda \u0130nsan Haklar\u0131 \u0130zleme \u00d6rg\u00fct\u00fc (HRW), Senegal h\u00fck\u00fcmetine Khair Yalla b\u00f6lgesinde yerinden edilmi\u015f yakla\u015f\u0131k bin ki\u015finin haklar\u0131n\u0131 g\u00f6zetmesi ve bu ki\u015filere uygun konut sa\u011flamas\u0131 \u00e7a\u011fr\u0131s\u0131nda bulundu. \u015eii Haber Ajans\u0131&#8217;n\u0131n, \u0130nsan Haklar\u0131 \u0130zleme \u00d6rg\u00fct\u00fc&#8217;n\u00fcn internet sitesine dayand\u0131rd\u0131\u011f\u0131 haberine g\u00f6re, bu toplum 2016 y\u0131l\u0131nda deniz seviyesinin y\u00fckselmesi ve iklim de\u011fi\u015fikli\u011fi nedeniyle meydana &hellip;"}